{"id":1517,"date":"2024-07-31T00:49:44","date_gmt":"2024-07-30T22:49:44","guid":{"rendered":"http:\/\/mikolajkamler.pl\/?post_type=jetpack-portfolio&#038;p=1517"},"modified":"2024-07-31T01:42:15","modified_gmt":"2024-07-30T23:42:15","slug":"bajki","status":"publish","type":"jetpack-portfolio","link":"http:\/\/mikolajkamler.pl\/en\/portfolio\/bajki\/","title":{"rendered":"Bajki"},"content":{"rendered":"\n<p><em>Bajki<\/em> Ignacego Krasickiego to pi\u0119\u0107 ilustracji zrealizowanych dla Oran\u017cerii Kultury w Lidzbarku Warmi\u0144skim. Ta biblioteka, a w\u0142a\u015bciwie lidzbarskie centrum kultury od kilku lat wydaje co roku kolejny tom bajek Jego Eminencji biskupa warmi\u0144skiego, zapraszaj\u0105c do zilustrowania go kolejnych ilustrator\u00f3w. Tym razem w\u015br\u00f3d nich znalaz\u0142em si\u0119 i ja. Ksi\u0105\u017cka ma si\u0119 ukaza\u0107 na jesieni 2024r., a premierze ma towarzyszy\u0107 wystawa w Oran\u017cerii Kultury.<\/p>\n\n\n<style type=\"text\/css\">\r\n\t#foogallery-gallery-1518 .fg-image {\r\n        width: 150px;\r\n    }\r\n<\/style>\r\n\t\t\t\t<div class=\"foogallery foogallery-container foogallery-default foogallery-lightbox-foobox fg-gutter-10 fg-center fg-default fg-light fg-border-thin fg-shadow-outline fg-loading-default fg-loaded-fade-in fg-caption-hover fg-hover-fade fg-hover-zoom fg-ready\" id=\"foogallery-gallery-1518\" data-foogallery=\"{&quot;item&quot;:{&quot;showCaptionTitle&quot;:true,&quot;showCaptionDescription&quot;:true},&quot;lazy&quot;:true}\" >\r\n\t<div class=\"fg-item fg-type-image fg-idle\"><figure class=\"fg-item-inner\"><a href=\"http:\/\/mikolajkamler.pl\/wp-content\/uploads\/2024\/07\/doktor-i-zdrowie.jpg\" data-attachment-id=\"1498\" data-type=\"image\" class=\"fg-thumb\"><span class=\"fg-image-wrap\"><img decoding=\"async\" width=\"150\" height=\"150\" class=\"skip-lazy fg-image\" data-src-fg=\"http:\/\/mikolajkamler.pl\/wp-content\/uploads\/cache\/2024\/07\/doktor-i-zdrowie\/534740250.jpg\" src=\"data:image\/svg+xml,%3Csvg%20xmlns%3D%22http%3A%2F%2Fwww.w3.org%2F2000%2Fsvg%22%20width%3D%22150%22%20height%3D%22150%22%20viewBox%3D%220%200%20150%20150%22%3E%3C%2Fsvg%3E\" loading=\"eager\"><\/span><span class=\"fg-image-overlay\"><\/span><\/a><figcaption class=\"fg-caption\"><div class=\"fg-caption-inner\"><\/div><\/figcaption><\/figure><div class=\"fg-loader\"><\/div><\/div><div class=\"fg-item fg-type-image fg-idle\"><figure class=\"fg-item-inner\"><a href=\"http:\/\/mikolajkamler.pl\/wp-content\/uploads\/2024\/07\/kartownik.jpg\" data-attachment-id=\"1499\" data-type=\"image\" class=\"fg-thumb\"><span class=\"fg-image-wrap\"><img decoding=\"async\" width=\"150\" height=\"150\" class=\"skip-lazy fg-image\" data-src-fg=\"http:\/\/mikolajkamler.pl\/wp-content\/uploads\/cache\/2024\/07\/kartownik\/2783268952.jpg\" src=\"data:image\/svg+xml,%3Csvg%20xmlns%3D%22http%3A%2F%2Fwww.w3.org%2F2000%2Fsvg%22%20width%3D%22150%22%20height%3D%22150%22%20viewBox%3D%220%200%20150%20150%22%3E%3C%2Fsvg%3E\" loading=\"eager\"><\/span><span class=\"fg-image-overlay\"><\/span><\/a><figcaption class=\"fg-caption\"><div class=\"fg-caption-inner\"><\/div><\/figcaption><\/figure><div class=\"fg-loader\"><\/div><\/div><div class=\"fg-item fg-type-image fg-idle\"><figure class=\"fg-item-inner\"><a href=\"http:\/\/mikolajkamler.pl\/wp-content\/uploads\/2024\/07\/lew-i-lis.jpg\" data-attachment-id=\"1500\" data-type=\"image\" class=\"fg-thumb\"><span class=\"fg-image-wrap\"><img decoding=\"async\" width=\"150\" height=\"150\" class=\"skip-lazy fg-image\" data-src-fg=\"http:\/\/mikolajkamler.pl\/wp-content\/uploads\/cache\/2024\/07\/lew-i-lis\/1523655897.jpg\" src=\"data:image\/svg+xml,%3Csvg%20xmlns%3D%22http%3A%2F%2Fwww.w3.org%2F2000%2Fsvg%22%20width%3D%22150%22%20height%3D%22150%22%20viewBox%3D%220%200%20150%20150%22%3E%3C%2Fsvg%3E\" loading=\"eager\"><\/span><span class=\"fg-image-overlay\"><\/span><\/a><figcaption class=\"fg-caption\"><div class=\"fg-caption-inner\"><\/div><\/figcaption><\/figure><div class=\"fg-loader\"><\/div><\/div><div class=\"fg-item fg-type-image fg-idle\"><figure class=\"fg-item-inner\"><a href=\"http:\/\/mikolajkamler.pl\/wp-content\/uploads\/2024\/07\/sinogarlica.jpg\" data-attachment-id=\"1501\" data-type=\"image\" class=\"fg-thumb\"><span class=\"fg-image-wrap\"><img decoding=\"async\" width=\"150\" height=\"150\" class=\"skip-lazy fg-image\" data-src-fg=\"http:\/\/mikolajkamler.pl\/wp-content\/uploads\/cache\/2024\/07\/sinogarlica\/3081560644.jpg\" src=\"data:image\/svg+xml,%3Csvg%20xmlns%3D%22http%3A%2F%2Fwww.w3.org%2F2000%2Fsvg%22%20width%3D%22150%22%20height%3D%22150%22%20viewBox%3D%220%200%20150%20150%22%3E%3C%2Fsvg%3E\" loading=\"eager\"><\/span><span class=\"fg-image-overlay\"><\/span><\/a><figcaption class=\"fg-caption\"><div class=\"fg-caption-inner\"><\/div><\/figcaption><\/figure><div class=\"fg-loader\"><\/div><\/div><div class=\"fg-item fg-type-image fg-idle\"><figure class=\"fg-item-inner\"><a href=\"http:\/\/mikolajkamler.pl\/wp-content\/uploads\/2024\/07\/slonce-i-obloki.jpg\" data-attachment-id=\"1502\" data-type=\"image\" class=\"fg-thumb\"><span class=\"fg-image-wrap\"><img decoding=\"async\" width=\"150\" height=\"150\" class=\"skip-lazy fg-image\" data-src-fg=\"http:\/\/mikolajkamler.pl\/wp-content\/uploads\/cache\/2024\/07\/slonce-i-obloki\/4168503926.jpg\" src=\"data:image\/svg+xml,%3Csvg%20xmlns%3D%22http%3A%2F%2Fwww.w3.org%2F2000%2Fsvg%22%20width%3D%22150%22%20height%3D%22150%22%20viewBox%3D%220%200%20150%20150%22%3E%3C%2Fsvg%3E\" loading=\"eager\"><\/span><span class=\"fg-image-overlay\"><\/span><\/a><figcaption class=\"fg-caption\"><div class=\"fg-caption-inner\"><\/div><\/figcaption><\/figure><div class=\"fg-loader\"><\/div><\/div><\/div>\r\n","protected":false},"excerpt":{"rendered":"<p>Bajki Ignacego Krasickiego to pi\u0119\u0107 ilustracji zrealizowanych dla Oran\u017cerii Kultury w Lidzbarku Warmi\u0144skim. Ta biblioteka, a w\u0142a\u015bciwie lidzbarskie centrum kultury od kilku lat wydaje co roku kolejny tom bajek Jego Eminencji biskupa warmi\u0144skiego, zapraszaj\u0105c do zilustrowania go kolejnych ilustrator\u00f3w. Tym razem w\u015br\u00f3d nich znalaz\u0142em si\u0119 i ja. Ksi\u0105\u017cka ma si\u0119 ukaza\u0107 na jesieni 2024r., a [&hellip;]<\/p>\n","protected":false},"author":1,"featured_media":1498,"comment_status":"open","ping_status":"closed","template":"","format":"standard","meta":{"footnotes":"","jetpack_publicize_message":"","jetpack_publicize_feature_enabled":true,"jetpack_social_post_already_shared":true,"jetpack_social_options":{"image_generator_settings":{"template":"highway","enabled":false},"version":2}},"jetpack-portfolio-type":[],"jetpack-portfolio-tag":[],"class_list":["post-1517","jetpack-portfolio","type-jetpack-portfolio","status-publish","format-standard","has-post-thumbnail","hentry","portfolio-entry"],"jetpack_publicize_connections":[],"yoast_head":"<!-- This site is optimized with the Yoast SEO plugin v24.9 - https:\/\/yoast.com\/wordpress\/plugins\/seo\/ -->\n<title>Bajki | Miko\u0142aj Kamler<\/title>\n<meta name=\"robots\" content=\"index, follow, max-snippet:-1, max-image-preview:large, max-video-preview:-1\" \/>\n<link rel=\"canonical\" href=\"https:\/\/mikolajkamler.pl\/en\/portfolio\/bajki\/\" \/>\n<meta property=\"og:locale\" content=\"en_US\" \/>\n<meta property=\"og:type\" content=\"article\" \/>\n<meta property=\"og:title\" content=\"Bajki | Miko\u0142aj Kamler\" \/>\n<meta property=\"og:description\" content=\"Bajki Ignacego Krasickiego to pi\u0119\u0107 ilustracji zrealizowanych dla Oran\u017cerii Kultury w Lidzbarku Warmi\u0144skim. Ta biblioteka, a w\u0142a\u015bciwie lidzbarskie centrum kultury od kilku lat wydaje co roku kolejny tom bajek Jego Eminencji biskupa warmi\u0144skiego, zapraszaj\u0105c do zilustrowania go kolejnych ilustrator\u00f3w. Tym razem w\u015br\u00f3d nich znalaz\u0142em si\u0119 i ja. Ksi\u0105\u017cka ma si\u0119 ukaza\u0107 na jesieni 2024r., a [&hellip;]\" \/>\n<meta property=\"og:url\" content=\"https:\/\/mikolajkamler.pl\/en\/portfolio\/bajki\/\" \/>\n<meta property=\"og:site_name\" content=\"Miko\u0142aj Kamler\" \/>\n<meta property=\"article:modified_time\" content=\"2024-07-30T23:42:15+00:00\" \/>\n<meta property=\"og:image\" content=\"https:\/\/i0.wp.com\/mikolajkamler.pl\/wp-content\/uploads\/2024\/07\/doktor-i-zdrowie.jpg?fit=1229%2C1229&ssl=1?v=1722379834\" \/>\n\t<meta property=\"og:image:width\" content=\"1229\" \/>\n\t<meta property=\"og:image:height\" content=\"1229\" \/>\n\t<meta property=\"og:image:type\" content=\"image\/jpeg\" \/>\n<meta name=\"twitter:card\" content=\"summary_large_image\" \/>\n<meta name=\"twitter:label1\" content=\"Est. reading time\" \/>\n\t<meta name=\"twitter:data1\" content=\"1 minute\" \/>\n<script type=\"application\/ld+json\" class=\"yoast-schema-graph\">{\"@context\":\"https:\/\/schema.org\",\"@graph\":[{\"@type\":\"WebPage\",\"@id\":\"https:\/\/mikolajkamler.pl\/en\/portfolio\/bajki\/\",\"url\":\"https:\/\/mikolajkamler.pl\/en\/portfolio\/bajki\/\",\"name\":\"Bajki | Miko\u0142aj Kamler\",\"isPartOf\":{\"@id\":\"https:\/\/mikolajkamler.pl\/pl_pl\/#website\"},\"primaryImageOfPage\":{\"@id\":\"https:\/\/mikolajkamler.pl\/en\/portfolio\/bajki\/#primaryimage\"},\"image\":{\"@id\":\"https:\/\/mikolajkamler.pl\/en\/portfolio\/bajki\/#primaryimage\"},\"thumbnailUrl\":\"https:\/\/i0.wp.com\/mikolajkamler.pl\/wp-content\/uploads\/2024\/07\/doktor-i-zdrowie.jpg?fit=1229%2C1229?v=1722379834\",\"datePublished\":\"2024-07-30T22:49:44+00:00\",\"dateModified\":\"2024-07-30T23:42:15+00:00\",\"breadcrumb\":{\"@id\":\"https:\/\/mikolajkamler.pl\/en\/portfolio\/bajki\/#breadcrumb\"},\"inLanguage\":\"en-US\",\"potentialAction\":[{\"@type\":\"ReadAction\",\"target\":[\"https:\/\/mikolajkamler.pl\/en\/portfolio\/bajki\/\"]}]},{\"@type\":\"ImageObject\",\"inLanguage\":\"en-US\",\"@id\":\"https:\/\/mikolajkamler.pl\/en\/portfolio\/bajki\/#primaryimage\",\"url\":\"https:\/\/i0.wp.com\/mikolajkamler.pl\/wp-content\/uploads\/2024\/07\/doktor-i-zdrowie.jpg?fit=1229%2C1229?v=1722379834\",\"contentUrl\":\"https:\/\/i0.wp.com\/mikolajkamler.pl\/wp-content\/uploads\/2024\/07\/doktor-i-zdrowie.jpg?fit=1229%2C1229?v=1722379834\",\"width\":1229,\"height\":1229},{\"@type\":\"BreadcrumbList\",\"@id\":\"https:\/\/mikolajkamler.pl\/en\/portfolio\/bajki\/#breadcrumb\",\"itemListElement\":[{\"@type\":\"ListItem\",\"position\":1,\"name\":\"Strona g\u0142\u00f3wna\",\"item\":\"https:\/\/mikolajkamler.pl\/en\/\"},{\"@type\":\"ListItem\",\"position\":2,\"name\":\"Projects\",\"item\":\"http:\/\/mikolajkamler.pl\/en\/portfolio\/\"},{\"@type\":\"ListItem\",\"position\":3,\"name\":\"Bajki\"}]},{\"@type\":\"WebSite\",\"@id\":\"https:\/\/mikolajkamler.pl\/pl_pl\/#website\",\"url\":\"https:\/\/mikolajkamler.pl\/pl_pl\/\",\"name\":\"Miko\u0142aj Kamler - portfolio\",\"description\":\"Ilustracje ||| Animacje\",\"publisher\":{\"@id\":\"https:\/\/mikolajkamler.pl\/pl_pl\/#\/schema\/person\/337577033a7bcebd4e5ce98fb5307608\"},\"potentialAction\":[{\"@type\":\"SearchAction\",\"target\":{\"@type\":\"EntryPoint\",\"urlTemplate\":\"https:\/\/mikolajkamler.pl\/pl_pl\/?s={search_term_string}\"},\"query-input\":{\"@type\":\"PropertyValueSpecification\",\"valueRequired\":true,\"valueName\":\"search_term_string\"}}],\"inLanguage\":\"en-US\"},{\"@type\":[\"Person\",\"Organization\"],\"@id\":\"https:\/\/mikolajkamler.pl\/pl_pl\/#\/schema\/person\/337577033a7bcebd4e5ce98fb5307608\",\"name\":\"admin\",\"image\":{\"@type\":\"ImageObject\",\"inLanguage\":\"en-US\",\"@id\":\"https:\/\/mikolajkamler.pl\/pl_pl\/#\/schema\/person\/image\/\",\"url\":\"https:\/\/secure.gravatar.com\/avatar\/809b6c0cf9614ccd65f07625e2ee48b51671016f28fd9dc3c0888dc092c58515?s=96&d=mm&r=g\",\"contentUrl\":\"https:\/\/secure.gravatar.com\/avatar\/809b6c0cf9614ccd65f07625e2ee48b51671016f28fd9dc3c0888dc092c58515?s=96&d=mm&r=g\",\"caption\":\"admin\"},\"logo\":{\"@id\":\"https:\/\/mikolajkamler.pl\/pl_pl\/#\/schema\/person\/image\/\"}}]}<\/script>\n<!-- \/ Yoast SEO plugin. -->","yoast_head_json":{"title":"Bajki | Miko\u0142aj Kamler","robots":{"index":"index","follow":"follow","max-snippet":"max-snippet:-1","max-image-preview":"max-image-preview:large","max-video-preview":"max-video-preview:-1"},"canonical":"https:\/\/mikolajkamler.pl\/en\/portfolio\/bajki\/","og_locale":"en_US","og_type":"article","og_title":"Bajki | Miko\u0142aj Kamler","og_description":"Bajki Ignacego Krasickiego to pi\u0119\u0107 ilustracji zrealizowanych dla Oran\u017cerii Kultury w Lidzbarku Warmi\u0144skim. Ta biblioteka, a w\u0142a\u015bciwie lidzbarskie centrum kultury od kilku lat wydaje co roku kolejny tom bajek Jego Eminencji biskupa warmi\u0144skiego, zapraszaj\u0105c do zilustrowania go kolejnych ilustrator\u00f3w. Tym razem w\u015br\u00f3d nich znalaz\u0142em si\u0119 i ja. Ksi\u0105\u017cka ma si\u0119 ukaza\u0107 na jesieni 2024r., a [&hellip;]","og_url":"https:\/\/mikolajkamler.pl\/en\/portfolio\/bajki\/","og_site_name":"Miko\u0142aj Kamler","article_modified_time":"2024-07-30T23:42:15+00:00","og_image":[{"width":1229,"height":1229,"url":"https:\/\/i0.wp.com\/mikolajkamler.pl\/wp-content\/uploads\/2024\/07\/doktor-i-zdrowie.jpg?fit=1229%2C1229&ssl=1?v=1722379834","type":"image\/jpeg"}],"twitter_card":"summary_large_image","twitter_misc":{"Est. reading time":"1 minute"},"schema":{"@context":"https:\/\/schema.org","@graph":[{"@type":"WebPage","@id":"https:\/\/mikolajkamler.pl\/en\/portfolio\/bajki\/","url":"https:\/\/mikolajkamler.pl\/en\/portfolio\/bajki\/","name":"Bajki | Miko\u0142aj Kamler","isPartOf":{"@id":"https:\/\/mikolajkamler.pl\/pl_pl\/#website"},"primaryImageOfPage":{"@id":"https:\/\/mikolajkamler.pl\/en\/portfolio\/bajki\/#primaryimage"},"image":{"@id":"https:\/\/mikolajkamler.pl\/en\/portfolio\/bajki\/#primaryimage"},"thumbnailUrl":"https:\/\/i0.wp.com\/mikolajkamler.pl\/wp-content\/uploads\/2024\/07\/doktor-i-zdrowie.jpg?fit=1229%2C1229?v=1722379834","datePublished":"2024-07-30T22:49:44+00:00","dateModified":"2024-07-30T23:42:15+00:00","breadcrumb":{"@id":"https:\/\/mikolajkamler.pl\/en\/portfolio\/bajki\/#breadcrumb"},"inLanguage":"en-US","potentialAction":[{"@type":"ReadAction","target":["https:\/\/mikolajkamler.pl\/en\/portfolio\/bajki\/"]}]},{"@type":"ImageObject","inLanguage":"en-US","@id":"https:\/\/mikolajkamler.pl\/en\/portfolio\/bajki\/#primaryimage","url":"https:\/\/i0.wp.com\/mikolajkamler.pl\/wp-content\/uploads\/2024\/07\/doktor-i-zdrowie.jpg?fit=1229%2C1229?v=1722379834","contentUrl":"https:\/\/i0.wp.com\/mikolajkamler.pl\/wp-content\/uploads\/2024\/07\/doktor-i-zdrowie.jpg?fit=1229%2C1229?v=1722379834","width":1229,"height":1229},{"@type":"BreadcrumbList","@id":"https:\/\/mikolajkamler.pl\/en\/portfolio\/bajki\/#breadcrumb","itemListElement":[{"@type":"ListItem","position":1,"name":"Strona g\u0142\u00f3wna","item":"https:\/\/mikolajkamler.pl\/en\/"},{"@type":"ListItem","position":2,"name":"Projects","item":"http:\/\/mikolajkamler.pl\/en\/portfolio\/"},{"@type":"ListItem","position":3,"name":"Bajki"}]},{"@type":"WebSite","@id":"https:\/\/mikolajkamler.pl\/pl_pl\/#website","url":"https:\/\/mikolajkamler.pl\/pl_pl\/","name":"Miko\u0142aj Kamler - portfolio","description":"Ilustracje ||| Animacje","publisher":{"@id":"https:\/\/mikolajkamler.pl\/pl_pl\/#\/schema\/person\/337577033a7bcebd4e5ce98fb5307608"},"potentialAction":[{"@type":"SearchAction","target":{"@type":"EntryPoint","urlTemplate":"https:\/\/mikolajkamler.pl\/pl_pl\/?s={search_term_string}"},"query-input":{"@type":"PropertyValueSpecification","valueRequired":true,"valueName":"search_term_string"}}],"inLanguage":"en-US"},{"@type":["Person","Organization"],"@id":"https:\/\/mikolajkamler.pl\/pl_pl\/#\/schema\/person\/337577033a7bcebd4e5ce98fb5307608","name":"admin","image":{"@type":"ImageObject","inLanguage":"en-US","@id":"https:\/\/mikolajkamler.pl\/pl_pl\/#\/schema\/person\/image\/","url":"https:\/\/secure.gravatar.com\/avatar\/809b6c0cf9614ccd65f07625e2ee48b51671016f28fd9dc3c0888dc092c58515?s=96&d=mm&r=g","contentUrl":"https:\/\/secure.gravatar.com\/avatar\/809b6c0cf9614ccd65f07625e2ee48b51671016f28fd9dc3c0888dc092c58515?s=96&d=mm&r=g","caption":"admin"},"logo":{"@id":"https:\/\/mikolajkamler.pl\/pl_pl\/#\/schema\/person\/image\/"}}]}},"jetpack_sharing_enabled":true,"jetpack_likes_enabled":true,"_links":{"self":[{"href":"http:\/\/mikolajkamler.pl\/en\/wp-json\/wp\/v2\/jetpack-portfolio\/1517","targetHints":{"allow":["GET"]}}],"collection":[{"href":"http:\/\/mikolajkamler.pl\/en\/wp-json\/wp\/v2\/jetpack-portfolio"}],"about":[{"href":"http:\/\/mikolajkamler.pl\/en\/wp-json\/wp\/v2\/types\/jetpack-portfolio"}],"author":[{"embeddable":true,"href":"http:\/\/mikolajkamler.pl\/en\/wp-json\/wp\/v2\/users\/1"}],"replies":[{"embeddable":true,"href":"http:\/\/mikolajkamler.pl\/en\/wp-json\/wp\/v2\/comments?post=1517"}],"version-history":[{"count":1,"href":"http:\/\/mikolajkamler.pl\/en\/wp-json\/wp\/v2\/jetpack-portfolio\/1517\/revisions"}],"predecessor-version":[{"id":1519,"href":"http:\/\/mikolajkamler.pl\/en\/wp-json\/wp\/v2\/jetpack-portfolio\/1517\/revisions\/1519"}],"wp:featuredmedia":[{"embeddable":true,"href":"http:\/\/mikolajkamler.pl\/en\/wp-json\/wp\/v2\/media\/1498"}],"wp:attachment":[{"href":"http:\/\/mikolajkamler.pl\/en\/wp-json\/wp\/v2\/media?parent=1517"}],"wp:term":[{"taxonomy":"jetpack-portfolio-type","embeddable":true,"href":"http:\/\/mikolajkamler.pl\/en\/wp-json\/wp\/v2\/jetpack-portfolio-type?post=1517"},{"taxonomy":"jetpack-portfolio-tag","embeddable":true,"href":"http:\/\/mikolajkamler.pl\/en\/wp-json\/wp\/v2\/jetpack-portfolio-tag?post=1517"}],"curies":[{"name":"wp","href":"https:\/\/api.w.org\/{rel}","templated":true}]}}