{"id":1513,"date":"2024-07-31T00:20:36","date_gmt":"2024-07-30T22:20:36","guid":{"rendered":"http:\/\/mikolajkamler.pl\/?post_type=jetpack-portfolio&#038;p=1513"},"modified":"2024-07-31T01:11:07","modified_gmt":"2024-07-30T23:11:07","slug":"dekoracje-filmowe","status":"publish","type":"jetpack-portfolio","link":"https:\/\/mikolajkamler.pl\/en\/portfolio\/dekoracje-filmowe\/","title":{"rendered":"Dekoracje filmowe"},"content":{"rendered":"\n<p>Latem i jesieni\u0105 2023r. mia\u0142em okazj\u0119 pracowa\u0107 dla tr\u00f3jmiejskiego studia animacji, Grupy Smacznego. Zosta\u0142em zaproszony do wsp\u00f3\u0142pracy jako ilustrator, przy tworzeniu dekoracji do serialu <em>The Very Hairy Alphabet<\/em>, wsp\u00f3\u0142produkowanego z niemieckim studiem Eagle Eye Filmproduktion. To by\u0142o bardzo ciekawe do\u015bwiadczenie, ze wzgl\u0119du na zupe\u0142nie inn\u0105 od mojej stylistyk\u0119, do kt\u00f3rej musia\u0142em si\u0119 dostosowa\u0107, a tak\u017ce na specyficzny spos\u00f3b przygotowywania rysunk\u00f3w tak, by dobrze wsp\u00f3\u0142dzia\u0142a\u0142y z bohaterami serialu i nie stanowi\u0142y dla nich konkurencji.<\/p>\n\n\n<style type=\"text\/css\">\r\n\t#foogallery-gallery-1514 .fg-image {\r\n        width: 150px;\r\n    }\r\n<\/style>\r\n\t\t\t\t<div class=\"foogallery foogallery-container foogallery-default foogallery-lightbox-foobox fg-gutter-10 fg-center fg-default fg-light fg-border-thin fg-shadow-outline fg-loading-default fg-loaded-fade-in fg-caption-hover fg-hover-fade fg-hover-zoom fg-ready\" id=\"foogallery-gallery-1514\" data-foogallery=\"{&quot;item&quot;:{&quot;showCaptionTitle&quot;:true,&quot;showCaptionDescription&quot;:true},&quot;lazy&quot;:true}\" >\r\n\t<div class=\"fg-item fg-type-image fg-idle\"><figure class=\"fg-item-inner\"><a href=\"https:\/\/mikolajkamler.pl\/wp-content\/uploads\/2024\/07\/BG_SKY_HARBOUR_ABOVE_VIEW_COLOR.png\" data-attachment-id=\"1510\" data-type=\"image\" class=\"fg-thumb\"><span class=\"fg-image-wrap\"><img decoding=\"async\" width=\"150\" height=\"150\" class=\"skip-lazy fg-image\" data-src-fg=\"https:\/\/mikolajkamler.pl\/wp-content\/uploads\/cache\/2024\/07\/BG_SKY_HARBOUR_ABOVE_VIEW_COLOR\/2591236439.png\" src=\"data:image\/svg+xml,%3Csvg%20xmlns%3D%22http%3A%2F%2Fwww.w3.org%2F2000%2Fsvg%22%20width%3D%22150%22%20height%3D%22150%22%20viewBox%3D%220%200%20150%20150%22%3E%3C%2Fsvg%3E\" loading=\"eager\"><\/span><span class=\"fg-image-overlay\"><\/span><\/a><figcaption class=\"fg-caption\"><div class=\"fg-caption-inner\"><\/div><\/figcaption><\/figure><div class=\"fg-loader\"><\/div><\/div><div class=\"fg-item fg-type-image fg-idle\"><figure class=\"fg-item-inner\"><a href=\"https:\/\/mikolajkamler.pl\/wp-content\/uploads\/2024\/07\/BG_STORE_CLOTHES_COLOR-v3-1.png\" data-attachment-id=\"1507\" data-type=\"image\" class=\"fg-thumb\"><span class=\"fg-image-wrap\"><img decoding=\"async\" width=\"150\" height=\"150\" class=\"skip-lazy fg-image\" data-src-fg=\"https:\/\/mikolajkamler.pl\/wp-content\/uploads\/cache\/2024\/07\/BG_STORE_CLOTHES_COLOR-v3-1\/36355580.png\" src=\"data:image\/svg+xml,%3Csvg%20xmlns%3D%22http%3A%2F%2Fwww.w3.org%2F2000%2Fsvg%22%20width%3D%22150%22%20height%3D%22150%22%20viewBox%3D%220%200%20150%20150%22%3E%3C%2Fsvg%3E\" loading=\"eager\"><\/span><span class=\"fg-image-overlay\"><\/span><\/a><figcaption class=\"fg-caption\"><div class=\"fg-caption-inner\"><\/div><\/figcaption><\/figure><div class=\"fg-loader\"><\/div><\/div><div class=\"fg-item fg-type-image fg-idle\"><figure class=\"fg-item-inner\"><a href=\"https:\/\/mikolajkamler.pl\/wp-content\/uploads\/2024\/07\/BG_MILL_OUTSIDE_COLOR.png\" data-attachment-id=\"1505\" data-type=\"image\" class=\"fg-thumb\"><span class=\"fg-image-wrap\"><img decoding=\"async\" width=\"150\" height=\"150\" class=\"skip-lazy fg-image\" data-src-fg=\"https:\/\/mikolajkamler.pl\/wp-content\/uploads\/cache\/2024\/07\/BG_MILL_OUTSIDE_COLOR\/1014248193.png\" src=\"data:image\/svg+xml,%3Csvg%20xmlns%3D%22http%3A%2F%2Fwww.w3.org%2F2000%2Fsvg%22%20width%3D%22150%22%20height%3D%22150%22%20viewBox%3D%220%200%20150%20150%22%3E%3C%2Fsvg%3E\" loading=\"eager\"><\/span><span class=\"fg-image-overlay\"><\/span><\/a><figcaption class=\"fg-caption\"><div class=\"fg-caption-inner\"><\/div><\/figcaption><\/figure><div class=\"fg-loader\"><\/div><\/div><div class=\"fg-item fg-type-image fg-idle\"><figure class=\"fg-item-inner\"><a href=\"https:\/\/mikolajkamler.pl\/wp-content\/uploads\/2024\/07\/BG_MILL_INSIDE_COLOR-.png\" data-attachment-id=\"1504\" data-type=\"image\" class=\"fg-thumb\"><span class=\"fg-image-wrap\"><img decoding=\"async\" width=\"150\" height=\"150\" class=\"skip-lazy fg-image\" data-src-fg=\"https:\/\/mikolajkamler.pl\/wp-content\/uploads\/cache\/2024\/07\/BG_MILL_INSIDE_COLOR-\/2907003400.png\" src=\"data:image\/svg+xml,%3Csvg%20xmlns%3D%22http%3A%2F%2Fwww.w3.org%2F2000%2Fsvg%22%20width%3D%22150%22%20height%3D%22150%22%20viewBox%3D%220%200%20150%20150%22%3E%3C%2Fsvg%3E\" loading=\"eager\"><\/span><span class=\"fg-image-overlay\"><\/span><\/a><figcaption class=\"fg-caption\"><div class=\"fg-caption-inner\"><\/div><\/figcaption><\/figure><div class=\"fg-loader\"><\/div><\/div><\/div>\r\n\n\n\n<div style=\"height:25px\" aria-hidden=\"true\" class=\"wp-block-spacer\"><\/div>\n\n\n\n<p>Innym projektem dla tego samego studia by\u0142o przygotowanie dekoracji do teasera produkcji, opartej na ksi\u0105\u017cce Cezarego Harasimowicza <em>Mirabelka<\/em>. Tu z kolei mia\u0142em za zadanie stworzy\u0107 rysunki bardzo bogate w detal, tylko lu\u017ano nawi\u0105zuj\u0105c do ilustracji do ksi\u0105\u017cki.<\/p>\n\n\n<style type=\"text\/css\">\r\n\t#foogallery-gallery-1515 .fg-image {\r\n        width: 150px;\r\n    }\r\n<\/style>\r\n\t\t\t\t<div class=\"foogallery foogallery-container foogallery-default foogallery-lightbox-foobox fg-gutter-10 fg-center fg-default fg-light fg-border-thin fg-shadow-outline fg-loading-default fg-loaded-fade-in fg-caption-hover fg-hover-fade fg-hover-zoom fg-ready\" id=\"foogallery-gallery-1515\" data-foogallery=\"{&quot;item&quot;:{&quot;showCaptionTitle&quot;:true,&quot;showCaptionDescription&quot;:true},&quot;lazy&quot;:true}\" >\r\n\t<div class=\"fg-item fg-type-image fg-idle\"><figure class=\"fg-item-inner\"><a href=\"https:\/\/mikolajkamler.pl\/wp-content\/uploads\/2024\/07\/podworko-color.png\" data-attachment-id=\"1512\" data-type=\"image\" class=\"fg-thumb\"><span class=\"fg-image-wrap\"><img decoding=\"async\" width=\"150\" height=\"150\" class=\"skip-lazy fg-image\" data-src-fg=\"https:\/\/mikolajkamler.pl\/wp-content\/uploads\/cache\/2024\/07\/podworko-color\/3157599826.png\" src=\"data:image\/svg+xml,%3Csvg%20xmlns%3D%22http%3A%2F%2Fwww.w3.org%2F2000%2Fsvg%22%20width%3D%22150%22%20height%3D%22150%22%20viewBox%3D%220%200%20150%20150%22%3E%3C%2Fsvg%3E\" loading=\"eager\"><\/span><span class=\"fg-image-overlay\"><\/span><\/a><figcaption class=\"fg-caption\"><div class=\"fg-caption-inner\"><\/div><\/figcaption><\/figure><div class=\"fg-loader\"><\/div><\/div><div class=\"fg-item fg-type-image fg-idle\"><figure class=\"fg-item-inner\"><a href=\"https:\/\/mikolajkamler.pl\/wp-content\/uploads\/2024\/07\/korzenie-color.png\" data-attachment-id=\"1511\" data-type=\"image\" class=\"fg-thumb\"><span class=\"fg-image-wrap\"><img decoding=\"async\" width=\"150\" height=\"150\" class=\"skip-lazy fg-image\" data-src-fg=\"https:\/\/mikolajkamler.pl\/wp-content\/uploads\/cache\/2024\/07\/korzenie-color\/3966362014.png\" src=\"data:image\/svg+xml,%3Csvg%20xmlns%3D%22http%3A%2F%2Fwww.w3.org%2F2000%2Fsvg%22%20width%3D%22150%22%20height%3D%22150%22%20viewBox%3D%220%200%20150%20150%22%3E%3C%2Fsvg%3E\" loading=\"eager\"><\/span><span class=\"fg-image-overlay\"><\/span><\/a><figcaption class=\"fg-caption\"><div class=\"fg-caption-inner\"><\/div><\/figcaption><\/figure><div class=\"fg-loader\"><\/div><\/div><\/div>\r\n","protected":false},"excerpt":{"rendered":"<p>Latem i jesieni\u0105 2023r. mia\u0142em okazj\u0119 pracowa\u0107 dla tr\u00f3jmiejskiego studia animacji, Grupy Smacznego. Zosta\u0142em zaproszony do wsp\u00f3\u0142pracy jako ilustrator, przy tworzeniu dekoracji do serialu The Very Hairy Alphabet, wsp\u00f3\u0142produkowanego z niemieckim studiem Eagle Eye Filmproduktion. To by\u0142o bardzo ciekawe do\u015bwiadczenie, ze wzgl\u0119du na zupe\u0142nie inn\u0105 od mojej stylistyk\u0119, do kt\u00f3rej musia\u0142em si\u0119 dostosowa\u0107, a tak\u017ce [&hellip;]<\/p>\n","protected":false},"author":1,"featured_media":1512,"comment_status":"open","ping_status":"closed","template":"","format":"standard","meta":{"footnotes":"","jetpack_publicize_message":"","jetpack_publicize_feature_enabled":true,"jetpack_social_post_already_shared":true,"jetpack_social_options":{"image_generator_settings":{"template":"highway","enabled":false},"version":2}},"jetpack-portfolio-type":[],"jetpack-portfolio-tag":[],"class_list":["post-1513","jetpack-portfolio","type-jetpack-portfolio","status-publish","format-standard","has-post-thumbnail","hentry","portfolio-entry"],"jetpack_publicize_connections":[],"yoast_head":"<!-- This site is optimized with the Yoast SEO plugin v24.9 - https:\/\/yoast.com\/wordpress\/plugins\/seo\/ -->\n<title>Dekoracje filmowe | Miko\u0142aj Kamler<\/title>\n<meta name=\"robots\" content=\"index, follow, max-snippet:-1, max-image-preview:large, max-video-preview:-1\" \/>\n<link rel=\"canonical\" href=\"https:\/\/mikolajkamler.pl\/en\/portfolio\/dekoracje-filmowe\/\" \/>\n<meta property=\"og:locale\" content=\"en_US\" \/>\n<meta property=\"og:type\" content=\"article\" \/>\n<meta property=\"og:title\" content=\"Dekoracje filmowe | Miko\u0142aj Kamler\" \/>\n<meta property=\"og:description\" content=\"Latem i jesieni\u0105 2023r. mia\u0142em okazj\u0119 pracowa\u0107 dla tr\u00f3jmiejskiego studia animacji, Grupy Smacznego. Zosta\u0142em zaproszony do wsp\u00f3\u0142pracy jako ilustrator, przy tworzeniu dekoracji do serialu The Very Hairy Alphabet, wsp\u00f3\u0142produkowanego z niemieckim studiem Eagle Eye Filmproduktion. To by\u0142o bardzo ciekawe do\u015bwiadczenie, ze wzgl\u0119du na zupe\u0142nie inn\u0105 od mojej stylistyk\u0119, do kt\u00f3rej musia\u0142em si\u0119 dostosowa\u0107, a tak\u017ce [&hellip;]\" \/>\n<meta property=\"og:url\" content=\"https:\/\/mikolajkamler.pl\/en\/portfolio\/dekoracje-filmowe\/\" \/>\n<meta property=\"og:site_name\" content=\"Miko\u0142aj Kamler\" \/>\n<meta property=\"article:modified_time\" content=\"2024-07-30T23:11:07+00:00\" \/>\n<meta property=\"og:image\" content=\"https:\/\/mikolajkamler.pl\/wp-content\/uploads\/2024\/07\/podworko-color-1024x576.png\" \/>\n\t<meta property=\"og:image:width\" content=\"1024\" \/>\n\t<meta property=\"og:image:height\" content=\"576\" \/>\n\t<meta property=\"og:image:type\" content=\"image\/png\" \/>\n<meta name=\"twitter:card\" content=\"summary_large_image\" \/>\n<meta name=\"twitter:label1\" content=\"Est. reading time\" \/>\n\t<meta name=\"twitter:data1\" content=\"1 minute\" \/>\n<script type=\"application\/ld+json\" class=\"yoast-schema-graph\">{\"@context\":\"https:\/\/schema.org\",\"@graph\":[{\"@type\":\"WebPage\",\"@id\":\"https:\/\/mikolajkamler.pl\/pl_pl\/portfolio\/dekoracje-filmowe\/\",\"url\":\"https:\/\/mikolajkamler.pl\/pl_pl\/portfolio\/dekoracje-filmowe\/\",\"name\":\"Dekoracje filmowe | Miko\u0142aj Kamler\",\"isPartOf\":{\"@id\":\"https:\/\/mikolajkamler.pl\/pl_pl\/#website\"},\"primaryImageOfPage\":{\"@id\":\"https:\/\/mikolajkamler.pl\/pl_pl\/portfolio\/dekoracje-filmowe\/#primaryimage\"},\"image\":{\"@id\":\"https:\/\/mikolajkamler.pl\/pl_pl\/portfolio\/dekoracje-filmowe\/#primaryimage\"},\"thumbnailUrl\":\"https:\/\/i0.wp.com\/mikolajkamler.pl\/wp-content\/uploads\/2024\/07\/podworko-color.png?fit=4608%2C2592&ssl=1?v=1722375522\",\"datePublished\":\"2024-07-30T22:20:36+00:00\",\"dateModified\":\"2024-07-30T23:11:07+00:00\",\"breadcrumb\":{\"@id\":\"https:\/\/mikolajkamler.pl\/pl_pl\/portfolio\/dekoracje-filmowe\/#breadcrumb\"},\"inLanguage\":\"en-US\",\"potentialAction\":[{\"@type\":\"ReadAction\",\"target\":[\"https:\/\/mikolajkamler.pl\/pl_pl\/portfolio\/dekoracje-filmowe\/\"]}]},{\"@type\":\"ImageObject\",\"inLanguage\":\"en-US\",\"@id\":\"https:\/\/mikolajkamler.pl\/pl_pl\/portfolio\/dekoracje-filmowe\/#primaryimage\",\"url\":\"https:\/\/i0.wp.com\/mikolajkamler.pl\/wp-content\/uploads\/2024\/07\/podworko-color.png?fit=4608%2C2592&ssl=1?v=1722375522\",\"contentUrl\":\"https:\/\/i0.wp.com\/mikolajkamler.pl\/wp-content\/uploads\/2024\/07\/podworko-color.png?fit=4608%2C2592&ssl=1?v=1722375522\",\"width\":4608,\"height\":2592},{\"@type\":\"BreadcrumbList\",\"@id\":\"https:\/\/mikolajkamler.pl\/pl_pl\/portfolio\/dekoracje-filmowe\/#breadcrumb\",\"itemListElement\":[{\"@type\":\"ListItem\",\"position\":1,\"name\":\"Strona g\u0142\u00f3wna\",\"item\":\"https:\/\/mikolajkamler.pl\/en\/\"},{\"@type\":\"ListItem\",\"position\":2,\"name\":\"Projects\",\"item\":\"http:\/\/mikolajkamler.pl\/en\/portfolio\/\"},{\"@type\":\"ListItem\",\"position\":3,\"name\":\"Dekoracje filmowe\"}]},{\"@type\":\"WebSite\",\"@id\":\"https:\/\/mikolajkamler.pl\/pl_pl\/#website\",\"url\":\"https:\/\/mikolajkamler.pl\/pl_pl\/\",\"name\":\"Miko\u0142aj Kamler - portfolio\",\"description\":\"Ilustracje ||| Animacje\",\"publisher\":{\"@id\":\"https:\/\/mikolajkamler.pl\/pl_pl\/#\/schema\/person\/337577033a7bcebd4e5ce98fb5307608\"},\"potentialAction\":[{\"@type\":\"SearchAction\",\"target\":{\"@type\":\"EntryPoint\",\"urlTemplate\":\"https:\/\/mikolajkamler.pl\/pl_pl\/?s={search_term_string}\"},\"query-input\":{\"@type\":\"PropertyValueSpecification\",\"valueRequired\":true,\"valueName\":\"search_term_string\"}}],\"inLanguage\":\"en-US\"},{\"@type\":[\"Person\",\"Organization\"],\"@id\":\"https:\/\/mikolajkamler.pl\/pl_pl\/#\/schema\/person\/337577033a7bcebd4e5ce98fb5307608\",\"name\":\"admin\",\"image\":{\"@type\":\"ImageObject\",\"inLanguage\":\"en-US\",\"@id\":\"https:\/\/mikolajkamler.pl\/pl_pl\/#\/schema\/person\/image\/\",\"url\":\"https:\/\/secure.gravatar.com\/avatar\/809b6c0cf9614ccd65f07625e2ee48b51671016f28fd9dc3c0888dc092c58515?s=96&d=mm&r=g\",\"contentUrl\":\"https:\/\/secure.gravatar.com\/avatar\/809b6c0cf9614ccd65f07625e2ee48b51671016f28fd9dc3c0888dc092c58515?s=96&d=mm&r=g\",\"caption\":\"admin\"},\"logo\":{\"@id\":\"https:\/\/mikolajkamler.pl\/pl_pl\/#\/schema\/person\/image\/\"}}]}<\/script>\n<!-- \/ Yoast SEO plugin. -->","yoast_head_json":{"title":"Dekoracje filmowe | Miko\u0142aj Kamler","robots":{"index":"index","follow":"follow","max-snippet":"max-snippet:-1","max-image-preview":"max-image-preview:large","max-video-preview":"max-video-preview:-1"},"canonical":"https:\/\/mikolajkamler.pl\/en\/portfolio\/dekoracje-filmowe\/","og_locale":"en_US","og_type":"article","og_title":"Dekoracje filmowe | Miko\u0142aj Kamler","og_description":"Latem i jesieni\u0105 2023r. mia\u0142em okazj\u0119 pracowa\u0107 dla tr\u00f3jmiejskiego studia animacji, Grupy Smacznego. Zosta\u0142em zaproszony do wsp\u00f3\u0142pracy jako ilustrator, przy tworzeniu dekoracji do serialu The Very Hairy Alphabet, wsp\u00f3\u0142produkowanego z niemieckim studiem Eagle Eye Filmproduktion. To by\u0142o bardzo ciekawe do\u015bwiadczenie, ze wzgl\u0119du na zupe\u0142nie inn\u0105 od mojej stylistyk\u0119, do kt\u00f3rej musia\u0142em si\u0119 dostosowa\u0107, a tak\u017ce [&hellip;]","og_url":"https:\/\/mikolajkamler.pl\/en\/portfolio\/dekoracje-filmowe\/","og_site_name":"Miko\u0142aj Kamler","article_modified_time":"2024-07-30T23:11:07+00:00","og_image":[{"width":1024,"height":576,"url":"https:\/\/mikolajkamler.pl\/wp-content\/uploads\/2024\/07\/podworko-color-1024x576.png","type":"image\/png"}],"twitter_card":"summary_large_image","twitter_misc":{"Est. reading time":"1 minute"},"schema":{"@context":"https:\/\/schema.org","@graph":[{"@type":"WebPage","@id":"https:\/\/mikolajkamler.pl\/pl_pl\/portfolio\/dekoracje-filmowe\/","url":"https:\/\/mikolajkamler.pl\/pl_pl\/portfolio\/dekoracje-filmowe\/","name":"Dekoracje filmowe | Miko\u0142aj Kamler","isPartOf":{"@id":"https:\/\/mikolajkamler.pl\/pl_pl\/#website"},"primaryImageOfPage":{"@id":"https:\/\/mikolajkamler.pl\/pl_pl\/portfolio\/dekoracje-filmowe\/#primaryimage"},"image":{"@id":"https:\/\/mikolajkamler.pl\/pl_pl\/portfolio\/dekoracje-filmowe\/#primaryimage"},"thumbnailUrl":"https:\/\/i0.wp.com\/mikolajkamler.pl\/wp-content\/uploads\/2024\/07\/podworko-color.png?fit=4608%2C2592&ssl=1?v=1722375522","datePublished":"2024-07-30T22:20:36+00:00","dateModified":"2024-07-30T23:11:07+00:00","breadcrumb":{"@id":"https:\/\/mikolajkamler.pl\/pl_pl\/portfolio\/dekoracje-filmowe\/#breadcrumb"},"inLanguage":"en-US","potentialAction":[{"@type":"ReadAction","target":["https:\/\/mikolajkamler.pl\/pl_pl\/portfolio\/dekoracje-filmowe\/"]}]},{"@type":"ImageObject","inLanguage":"en-US","@id":"https:\/\/mikolajkamler.pl\/pl_pl\/portfolio\/dekoracje-filmowe\/#primaryimage","url":"https:\/\/i0.wp.com\/mikolajkamler.pl\/wp-content\/uploads\/2024\/07\/podworko-color.png?fit=4608%2C2592&ssl=1?v=1722375522","contentUrl":"https:\/\/i0.wp.com\/mikolajkamler.pl\/wp-content\/uploads\/2024\/07\/podworko-color.png?fit=4608%2C2592&ssl=1?v=1722375522","width":4608,"height":2592},{"@type":"BreadcrumbList","@id":"https:\/\/mikolajkamler.pl\/pl_pl\/portfolio\/dekoracje-filmowe\/#breadcrumb","itemListElement":[{"@type":"ListItem","position":1,"name":"Strona g\u0142\u00f3wna","item":"https:\/\/mikolajkamler.pl\/en\/"},{"@type":"ListItem","position":2,"name":"Projects","item":"http:\/\/mikolajkamler.pl\/en\/portfolio\/"},{"@type":"ListItem","position":3,"name":"Dekoracje filmowe"}]},{"@type":"WebSite","@id":"https:\/\/mikolajkamler.pl\/pl_pl\/#website","url":"https:\/\/mikolajkamler.pl\/pl_pl\/","name":"Miko\u0142aj Kamler - portfolio","description":"Ilustracje ||| Animacje","publisher":{"@id":"https:\/\/mikolajkamler.pl\/pl_pl\/#\/schema\/person\/337577033a7bcebd4e5ce98fb5307608"},"potentialAction":[{"@type":"SearchAction","target":{"@type":"EntryPoint","urlTemplate":"https:\/\/mikolajkamler.pl\/pl_pl\/?s={search_term_string}"},"query-input":{"@type":"PropertyValueSpecification","valueRequired":true,"valueName":"search_term_string"}}],"inLanguage":"en-US"},{"@type":["Person","Organization"],"@id":"https:\/\/mikolajkamler.pl\/pl_pl\/#\/schema\/person\/337577033a7bcebd4e5ce98fb5307608","name":"admin","image":{"@type":"ImageObject","inLanguage":"en-US","@id":"https:\/\/mikolajkamler.pl\/pl_pl\/#\/schema\/person\/image\/","url":"https:\/\/secure.gravatar.com\/avatar\/809b6c0cf9614ccd65f07625e2ee48b51671016f28fd9dc3c0888dc092c58515?s=96&d=mm&r=g","contentUrl":"https:\/\/secure.gravatar.com\/avatar\/809b6c0cf9614ccd65f07625e2ee48b51671016f28fd9dc3c0888dc092c58515?s=96&d=mm&r=g","caption":"admin"},"logo":{"@id":"https:\/\/mikolajkamler.pl\/pl_pl\/#\/schema\/person\/image\/"}}]}},"jetpack_sharing_enabled":true,"jetpack_likes_enabled":true,"_links":{"self":[{"href":"https:\/\/mikolajkamler.pl\/en\/wp-json\/wp\/v2\/jetpack-portfolio\/1513","targetHints":{"allow":["GET"]}}],"collection":[{"href":"https:\/\/mikolajkamler.pl\/en\/wp-json\/wp\/v2\/jetpack-portfolio"}],"about":[{"href":"https:\/\/mikolajkamler.pl\/en\/wp-json\/wp\/v2\/types\/jetpack-portfolio"}],"author":[{"embeddable":true,"href":"https:\/\/mikolajkamler.pl\/en\/wp-json\/wp\/v2\/users\/1"}],"replies":[{"embeddable":true,"href":"https:\/\/mikolajkamler.pl\/en\/wp-json\/wp\/v2\/comments?post=1513"}],"version-history":[{"count":2,"href":"https:\/\/mikolajkamler.pl\/en\/wp-json\/wp\/v2\/jetpack-portfolio\/1513\/revisions"}],"predecessor-version":[{"id":1521,"href":"https:\/\/mikolajkamler.pl\/en\/wp-json\/wp\/v2\/jetpack-portfolio\/1513\/revisions\/1521"}],"wp:featuredmedia":[{"embeddable":true,"href":"https:\/\/mikolajkamler.pl\/en\/wp-json\/wp\/v2\/media\/1512"}],"wp:attachment":[{"href":"https:\/\/mikolajkamler.pl\/en\/wp-json\/wp\/v2\/media?parent=1513"}],"wp:term":[{"taxonomy":"jetpack-portfolio-type","embeddable":true,"href":"https:\/\/mikolajkamler.pl\/en\/wp-json\/wp\/v2\/jetpack-portfolio-type?post=1513"},{"taxonomy":"jetpack-portfolio-tag","embeddable":true,"href":"https:\/\/mikolajkamler.pl\/en\/wp-json\/wp\/v2\/jetpack-portfolio-tag?post=1513"}],"curies":[{"name":"wp","href":"https:\/\/api.w.org\/{rel}","templated":true}]}}